{"id":496,"date":"2026-03-13T15:30:51","date_gmt":"2026-03-13T15:30:51","guid":{"rendered":"https:\/\/exactas.uba.ar\/reservaecologica-cu\/?page_id=496"},"modified":"2026-03-13T16:05:18","modified_gmt":"2026-03-13T16:05:18","slug":"invertebrados","status":"publish","type":"page","link":"https:\/\/exactas.uba.ar\/reservaecologica-cu\/biodiversidad\/invertebrados\/","title":{"rendered":"Invertebrados"},"content":{"rendered":"<p>Insectos, ar\u00e1cnidos, moluscos, crust\u00e1ceos\u2026 Son much\u00edsimas las especies de invertebrados que habitan la reserva, y todav\u00eda quedan much\u00edsimas m\u00e1s por descubrir.<\/p>\n<p>Cumplen diversas funciones, como polinizaci\u00f3n, control de otras especies y descomposici\u00f3n de materia org\u00e1nica.<\/p>\n<p>Algunos ejemplos de animales invertebrados de la reserva son:<\/p>\n<h2 style=\"clear: both;\"><a href=\"https:\/\/exactas.uba.ar\/reservaecologica-cu\/wp-content\/uploads\/2026\/03\/Mariposa-perezosa_Juan-Andres-Lozano.jpg\"><img loading=\"lazy\" decoding=\"async\" class=\"alignleft wp-image-500 size-thumbnail\" src=\"https:\/\/exactas.uba.ar\/reservaecologica-cu\/wp-content\/uploads\/2026\/03\/Mariposa-perezosa_Juan-Andres-Lozano-150x150.jpg\" alt=\"\" width=\"150\" height=\"150\" \/><\/a>MARIPOSAS Y POLILLAS<\/h2>\n<p><a href=\"https:\/\/www.argentinat.org\/observations?place_id=7190&amp;project_id=biorecu-reserva-ecologica-ciudad-universitaria-costanera-norte&amp;taxon_id=47157&amp;view=species\">Ver Mariposas y polillas en argentinat.org<\/a><\/p>\n<h2 style=\"clear: both;\"><a href=\"https:\/\/exactas.uba.ar\/reservaecologica-cu\/wp-content\/uploads\/2026\/03\/Arana-de-Seda-Dorada_Joaquin-Salas.jpeg\"><img loading=\"lazy\" decoding=\"async\" class=\"alignleft wp-image-499 size-thumbnail\" src=\"https:\/\/exactas.uba.ar\/reservaecologica-cu\/wp-content\/uploads\/2026\/03\/Arana-de-Seda-Dorada_Joaquin-Salas-150x150.jpeg\" alt=\"\" width=\"150\" height=\"150\" \/><\/a>AR\u00c1CNIDOS<\/h2>\n<p><a href=\"https:\/\/www.argentinat.org\/observations?place_id=7190&amp;project_id=biorecu-reserva-ecologica-ciudad-universitaria-costanera-norte&amp;view=species&amp;iconic_taxa=Arachnida\">Ver Ar\u00e1cnidos en argentinat.org<\/a><\/p>\n<h2 style=\"clear: both;\"><a href=\"https:\/\/exactas.uba.ar\/reservaecologica-cu\/wp-content\/uploads\/2026\/03\/Dynastes_hercules_ecuatorianus_MHNT.jpg\"><img loading=\"lazy\" decoding=\"async\" class=\"alignleft wp-image-510 size-thumbnail\" src=\"https:\/\/exactas.uba.ar\/reservaecologica-cu\/wp-content\/uploads\/2026\/03\/Dynastes_hercules_ecuatorianus_MHNT-150x150.jpg\" alt=\"\" width=\"150\" height=\"150\" \/><\/a>ESCARABAJOS<\/h2>\n<p><a href=\"https:\/\/www.argentinat.org\/observations?place_id=7190&amp;project_id=biorecu-reserva-ecologica-ciudad-universitaria-costanera-norte&amp;taxon_id=47208&amp;view=species\">Ver Escarabajos en argentinat.org<\/a><\/p>\n<h2 style=\"clear: both;\"><a href=\"https:\/\/exactas.uba.ar\/reservaecologica-cu\/wp-content\/uploads\/2026\/03\/Abejorro-del-Mburucuya_Mauro-Bernini.jpg\"><img loading=\"lazy\" decoding=\"async\" class=\"alignleft wp-image-497 size-thumbnail\" src=\"https:\/\/exactas.uba.ar\/reservaecologica-cu\/wp-content\/uploads\/2026\/03\/Abejorro-del-Mburucuya_Mauro-Bernini-150x150.jpg\" alt=\"\" width=\"150\" height=\"150\" \/><\/a>ABEJAS, AVISPAS Y HORMIGAS<\/h2>\n<p><a href=\"https:\/\/www.argentinat.org\/observations?place_id=7190&amp;project_id=biorecu-reserva-ecologica-ciudad-universitaria-costanera-norte&amp;taxon_id=47201&amp;view=species\">Ver Abejas, avispas y hormigas en argentinat.org<\/a><\/p>\n<h2 style=\"clear: both;\"><a href=\"https:\/\/exactas.uba.ar\/reservaecologica-cu\/wp-content\/uploads\/2026\/03\/Tucura-multicolor_Ivan-Eroles.jpeg\"><img loading=\"lazy\" decoding=\"async\" class=\"alignleft wp-image-501 size-thumbnail\" src=\"https:\/\/exactas.uba.ar\/reservaecologica-cu\/wp-content\/uploads\/2026\/03\/Tucura-multicolor_Ivan-Eroles-150x150.jpeg\" alt=\"\" width=\"150\" height=\"150\" \/><\/a>INSECTOS (general)<\/h2>\n<p><a href=\"https:\/\/www.argentinat.org\/observations?place_id=7190&amp;project_id=biorecu-reserva-ecologica-ciudad-universitaria-costanera-norte&amp;view=species&amp;iconic_taxa=Insecta\">Ver Insectos en argentinat.org<\/a><\/p>\n<h2 style=\"clear: both;\"><a href=\"https:\/\/exactas.uba.ar\/reservaecologica-cu\/wp-content\/uploads\/2026\/03\/Ampularia_ivan-eroles.jpeg\"><img loading=\"lazy\" decoding=\"async\" class=\"alignleft wp-image-498 size-thumbnail\" src=\"https:\/\/exactas.uba.ar\/reservaecologica-cu\/wp-content\/uploads\/2026\/03\/Ampularia_ivan-eroles-150x150.jpeg\" alt=\"\" width=\"150\" height=\"150\" \/><\/a>MOLUSCOS<\/h2>\n<p><a href=\"https:\/\/www.argentinat.org\/observations?place_id=7190&amp;project_id=biorecu-reserva-ecologica-ciudad-universitaria-costanera-norte&amp;view=species&amp;iconic_taxa=Mollusca\">Ver Moluscos en argentinat.org<\/a><\/p>\n","protected":false},"excerpt":{"rendered":"Insectos, ar\u00e1cnidos, moluscos, crust\u00e1ceos\u2026 Son much\u00edsimas las especies de invertebrados que habitan la reserva, y todav\u00eda quedan much\u00edsimas m\u00e1s por descubrir. Cumplen diversas funciones, como polinizaci\u00f3n, control de otras especies y descomposici\u00f3n de materia org\u00e1nica. Algunos ejemplos de animales invertebrados de la reserva son: MARIPOSAS Y POLILLAS Ver Mariposas y polillas en argentinat.org AR\u00c1CNIDOS Ver&#8230; <a class=\"view-article\" href=\"https:\/\/exactas.uba.ar\/reservaecologica-cu\/biodiversidad\/invertebrados\/\">LEER +<\/a>","protected":false},"author":1,"featured_media":0,"parent":93,"menu_order":30,"comment_status":"closed","ping_status":"closed","template":"","meta":{"_acf_changed":false,"footnotes":""},"class_list":["post-496","page","type-page","status-publish","hentry"],"acf":[],"_links":{"self":[{"href":"https:\/\/exactas.uba.ar\/reservaecologica-cu\/wp-json\/wp\/v2\/pages\/496","targetHints":{"allow":["GET"]}}],"collection":[{"href":"https:\/\/exactas.uba.ar\/reservaecologica-cu\/wp-json\/wp\/v2\/pages"}],"about":[{"href":"https:\/\/exactas.uba.ar\/reservaecologica-cu\/wp-json\/wp\/v2\/types\/page"}],"author":[{"embeddable":true,"href":"https:\/\/exactas.uba.ar\/reservaecologica-cu\/wp-json\/wp\/v2\/users\/1"}],"replies":[{"embeddable":true,"href":"https:\/\/exactas.uba.ar\/reservaecologica-cu\/wp-json\/wp\/v2\/comments?post=496"}],"version-history":[{"count":7,"href":"https:\/\/exactas.uba.ar\/reservaecologica-cu\/wp-json\/wp\/v2\/pages\/496\/revisions"}],"predecessor-version":[{"id":527,"href":"https:\/\/exactas.uba.ar\/reservaecologica-cu\/wp-json\/wp\/v2\/pages\/496\/revisions\/527"}],"up":[{"embeddable":true,"href":"https:\/\/exactas.uba.ar\/reservaecologica-cu\/wp-json\/wp\/v2\/pages\/93"}],"wp:attachment":[{"href":"https:\/\/exactas.uba.ar\/reservaecologica-cu\/wp-json\/wp\/v2\/media?parent=496"}],"curies":[{"name":"wp","href":"https:\/\/api.w.org\/{rel}","templated":true}]}}