{"id":732,"date":"2021-04-07T18:54:12","date_gmt":"2021-04-07T18:54:12","guid":{"rendered":"https:\/\/exactas.uba.ar\/genex\/?page_id=732"},"modified":"2024-08-14T17:33:08","modified_gmt":"2024-08-14T17:33:08","slug":"informes","status":"publish","type":"page","link":"https:\/\/exactas.uba.ar\/genex\/informes\/","title":{"rendered":"Informes"},"content":{"rendered":"<h3><strong>Informe sobre la implementaci\u00f3n de Ba\u00f1os sin distinci\u00f3n de g\u00e9neros y accesibles en la FCEyN <\/strong><b>(28\/10\/2022)<\/b><\/h3>\n<p><a href=\"https:\/\/nube.exactas.uba.ar\/index.php\/s\/EGSPY6D7by38Dpw\">Enlace al informe<\/a><\/p>\n<p>&nbsp;<\/p>\n<h3><strong>Dise\u00f1ar y redise\u00f1ar el espacio universitario desde una perspectiva de g\u00e9nero. Estudio de caso del campus de la Universidad de Buenos Aires (2015-2022)<\/strong><\/h3>\n<p>En diciembre de 2019, el equipo liderado por la <a href=\"https:\/\/dyegblog.wordpress.com\/extension-y-transferencias\/\">Catedra de Dise\u00f1o y Estudios de g\u00e9nero de FADU-UBA<\/a> y el Gino Germani de la Facultad de Ciencias Sociales que cont\u00f3 con colaboraci\u00f3n de =GenEx, recibi\u00f3 un subsidio del Programa Gendered Design in STEAM de la Carleton University, Canad\u00e1. Durante 2020 y 2021 se desarroll\u00f3 el proyecto de investigaci\u00f3n cuyos tres componentes est\u00e1n detallados en el Informe de resultados y recomendaciones:<strong>\u00a0\u00abDise\u00f1ar y redise\u00f1ar el espacio universitario desde una perspectiva de g\u00e9nero. Estudio de caso del campus de la Universidad de Buenos Aires (2015-2020)\u00bb<\/strong><\/p>\n<p><a href=\"http:\/\/shorturl.at\/atzI9\">Enlace al informe<\/a><\/p>\n<h3><\/h3>\n<p>&nbsp;<\/p>\n<h3><strong>Primera Encuesta sobre violencia de g\u00e9nero y\/o discriminaci\u00f3n en la Facultad<\/strong><\/h3>\n<p><span style=\"font-weight: 400;\">Entre noviembre de 2017 y marzo de 2019, realizamos desde <\/span><i><span style=\"font-weight: 400;\">=<\/span><\/i><span style=\"font-weight: 400;\">GenEx<\/span><span style=\"font-weight: 400;\"> la \u201cPrimera encuesta de percepci\u00f3n e incidencia sobre violencia de g\u00e9nero y\/o discriminaci\u00f3n\u201d en la FCEyN. La encuesta fue enviada a 22.881 personas pertenecientes a la comunidad universitaria y los objetivos fueron:<\/span><\/p>\n<ul>\n<li style=\"font-weight: 400;\" aria-level=\"1\"><span style=\"font-weight: 400;\">Conocer sobre las situaciones y manifestaciones de violencia y discriminaci\u00f3n relativas al g\u00e9nero y\/o la orientaci\u00f3n sexual en la comunidad en la Facultad.\u00a0<\/span><\/li>\n<li style=\"font-weight: 400;\" aria-level=\"1\"><span style=\"font-weight: 400;\">Sensibilizar y concientizar a la comunidad de Exactas sobre estas situaciones.\u00a0<\/span><\/li>\n<li style=\"font-weight: 400;\" aria-level=\"1\"><span style=\"font-weight: 400;\">Difundir la existencia del <\/span><i><span style=\"font-weight: 400;\">Programa por la Igualdad de G\u00e9nero =GenEx<\/span><\/i><span style=\"font-weight: 400;\"> y la herramienta com\u00fan a todas las unidades acad\u00e9micas de la UBA: el Protocolo UBA de \u201cacci\u00f3n institucional para la prevenci\u00f3n e intervenci\u00f3n ante situaciones de violencia o discriminaci\u00f3n de g\u00e9nero u orientaci\u00f3n sexual\u201d.\u00a0<\/span><\/li>\n<\/ul>\n<p><span style=\"font-weight: 400;\">El <\/span>dise\u00f1o de la encuesta <span style=\"font-weight: 400;\">surgi\u00f3 de una adaptaci\u00f3n de aquella realizada por la comisi\u00f3n<\/span> <a href=\"http:\/\/www.filo.uba.ar\/noalaviolenciadegenero\" target=\"_blank\" rel=\"noopener\"><b>\u201cNo a la violencia de g\u00e9nero\u201d<\/b><\/a><span style=\"font-weight: 400;\"> de la Facultad de Filosof\u00eda y Letras de la UBA (2017) que, a su vez, se inspir\u00f3 en la encuesta realizada en 2016 por el Programa Contra la Violencia de G\u00e9nero (PCVG) de la Universidad Nacional de San Mart\u00edn (Palumbo, 2017). Ambos espacios compartieron generosamente sus experiencias con el Programa de la Facultad.<\/span><\/p>\n<p><span style=\"font-weight: 400;\">La encuesta fue respondida por <\/span><b>2.21<\/b><strong>4<\/strong><span style=\"font-weight: 400;\"><strong> integrantes de la comunidad<\/strong> (estudiantes de grado y posgrado, docentes, graduadxs y personal no docente) alcanzando un \u00edndice de respuesta de <\/span><b>9,7%<\/b><span style=\"font-weight: 400;\">. A modo de caracterizaci\u00f3n, al momento de indicar su g\u00e9nero las personas participantes se identificaron en un <\/span><b>54.1%<\/b><span style=\"font-weight: 400;\"> como mujeres (cis), <\/span><b>44.7%<\/b><span style=\"font-weight: 400;\"> como varones (cis) y un <\/span><b>1.2% <\/b><span style=\"font-weight: 400;\">no se identific\u00f3 con esas categor\u00edas binarias. Por otro lado, la distribuci\u00f3n de participantes en la encuesta seg\u00fan rol que desempe\u00f1an en la comunidad fue la siguiente: <\/span><b>40.3%<\/b><span style=\"font-weight: 400;\"> indic\u00f3 ser estudiante, <\/span><b>21.6%<\/b><span style=\"font-weight: 400;\"> indic\u00f3 desempe\u00f1arse como docente, <\/span><b>39.5%<\/b><span style=\"font-weight: 400;\"> indic\u00f3 ser graduada\/o y <\/span><b>3.8%<\/b><span style=\"font-weight: 400;\"> indic\u00f3 pertenecer al claustro nodocente.<\/span><\/p>\n<p><span style=\"font-weight: 400;\">En relaci\u00f3n a la variable dependiente relevada por la encuesta, la violencia y discriminaci\u00f3n por razones de g\u00e9nero y\/u orientaci\u00f3n sexual, el resultado principal es que el <\/span><b>51.4%<\/b><span style=\"font-weight: 400;\"> del total de participantes indic\u00f3 haber vivido al menos alguna de las violencias que aqu\u00ed indicamos. Dentro de este universo,\u00a0 <strong>811 (67.8%) se identificaron como mujeres<\/strong>, <strong>314 (31.7%) como varones<\/strong> y <strong>doce por fuera de las categor\u00edas \u201cvar\u00f3n\u201d o \u201cmujer\u201d<\/strong>. Por \u00faltimo, el <\/span><b>77.5%<\/b><span style=\"font-weight: 400;\"> del total de mujeres, varones y quienes se identificaron como \u201cotrxs\u201d que se\u00f1alaron haber vivido violencia y\/o discriminaci\u00f3n por razones de g\u00e9nero y\/u orientaci\u00f3n sexual, <strong>identific\u00f3 que la persona que ejerci\u00f3 violencia en su caso fue un var\u00f3n<\/strong>.\u00a0<\/span><\/p>\n<p><span style=\"font-weight: 400;\">Esta encuesta sobre experiencias subjetivas de acoso, discriminaci\u00f3n y maltrato por razones de g\u00e9nero resulta un insumo fundamental para visibilizar las desigualdades sexo gen\u00e9ricas existentes (tambi\u00e9n) en la universidad, se\u00f1aladas de manera extendida por quienes respondieron, y colaborar en la mejor\u00eda y creaci\u00f3n de nuevas pol\u00edticas de g\u00e9nero en nuestra Facultad.<\/span><\/p>\n<p><span style=\"font-weight: 400;\">El an\u00e1lisis de los datos relevados muestra que existe una <strong>violencia diferencial<\/strong>: mientras que en las respuestas de los varones (cis) las violencias m\u00e1s se\u00f1aladas son las situaciones de \u201cuso de lenguaje sexista, discriminatorio o peyorativo\u201d y \u201cdibujos, grafitis, carteles u otro tipo de im\u00e1genes de contenido ofensivo y\/o de naturaleza sexual\u201d, en el caso de las mujeres\u00a0 las situaciones se\u00f1aladas son \u201duso de lenguaje sexista, discriminatorio o peyorativo\u201d, \u201cmiradas insistentes, morbosas, intimidatorias que te hayan resultado molestas\u201d, \u201ccomentarios o acciones que descalifiquen, subestimen, menosprecien o pongan en cuesti\u00f3n tu capacidad de realizar alguna tarea por tu condici\u00f3n de sexo\/g\u00e9nero y\/u orientaci\u00f3n sexual\u201d, \u201csaludos inc\u00f3modos, \u2018piropos\u2019, burlas, bromas, sarcasmos o apodos con connotaciones sexistas y\/o sexuales\u201d, \u201ctemor o limitaciones al circular por alg\u00fan espacio de la Facultad a causa de tu condici\u00f3n de sexo\/g\u00e9nero y\/u orientaci\u00f3n sexual\u201d y \u201cdibujos, grafitis, carteles u otro tipo de im\u00e1genes de contenido ofensivo y\/o de naturaleza sexual\u201d.<\/span><\/p>\n<p><span style=\"font-weight: 400;\">El impacto diferencial de estas violencias, con respecto al g\u00e9nero de las personas, se da no s\u00f3lo en t\u00e9rminos cuantitativos (son mayoritariamente las mujeres quienes se\u00f1alan haber vivido m\u00e1s situaciones de este tipo; en concreto, el doble de mujeres que de varones), sino tambi\u00e9n en t\u00e9rminos cualitativos (las mujeres que responden son m\u00e1s alcanzadas por tipos de violencia m\u00e1s diversos que los varones). Dicho de otro modo, resulta diferenciador para varones y mujeres el tr\u00e1nsito por la universidad en materia de violencias, discriminaci\u00f3n y\/o maltrato por razones sexo gen\u00e9ricas.<\/span><\/p>\n<h4><a href=\"https:\/\/exactas.uba.ar\/genex\/wp-content\/uploads\/2021\/05\/2021informe_encuesta.pdf\" target=\"_blank\" rel=\"noopener\">Enlace al Informe completo<\/a>.<\/h4>\n","protected":false},"excerpt":{"rendered":"Informe sobre la implementaci\u00f3n de Ba\u00f1os sin distinci\u00f3n de g\u00e9neros y accesibles en la FCEyN (28\/10\/2022) Enlace al informe &nbsp; Dise\u00f1ar y redise\u00f1ar el espacio universitario desde una perspectiva de g\u00e9nero. Estudio de caso del campus de la Universidad de Buenos Aires (2015-2022) En diciembre de 2019, el equipo liderado por la Catedra de Dise\u00f1o&#8230; <a class=\"view-article\" href=\"https:\/\/exactas.uba.ar\/genex\/informes\/\">LEER +<\/a>","protected":false},"author":6,"featured_media":0,"parent":0,"menu_order":0,"comment_status":"closed","ping_status":"closed","template":"","meta":{"_acf_changed":false,"footnotes":""},"class_list":["post-732","page","type-page","status-publish","hentry"],"acf":[],"_links":{"self":[{"href":"https:\/\/exactas.uba.ar\/genex\/wp-json\/wp\/v2\/pages\/732","targetHints":{"allow":["GET"]}}],"collection":[{"href":"https:\/\/exactas.uba.ar\/genex\/wp-json\/wp\/v2\/pages"}],"about":[{"href":"https:\/\/exactas.uba.ar\/genex\/wp-json\/wp\/v2\/types\/page"}],"author":[{"embeddable":true,"href":"https:\/\/exactas.uba.ar\/genex\/wp-json\/wp\/v2\/users\/6"}],"replies":[{"embeddable":true,"href":"https:\/\/exactas.uba.ar\/genex\/wp-json\/wp\/v2\/comments?post=732"}],"version-history":[{"count":14,"href":"https:\/\/exactas.uba.ar\/genex\/wp-json\/wp\/v2\/pages\/732\/revisions"}],"predecessor-version":[{"id":1083,"href":"https:\/\/exactas.uba.ar\/genex\/wp-json\/wp\/v2\/pages\/732\/revisions\/1083"}],"wp:attachment":[{"href":"https:\/\/exactas.uba.ar\/genex\/wp-json\/wp\/v2\/media?parent=732"}],"curies":[{"name":"wp","href":"https:\/\/api.w.org\/{rel}","templated":true}]}}