{"id":13,"date":"2019-04-29T18:01:52","date_gmt":"2019-04-29T18:01:52","guid":{"rendered":"https:\/\/exactas.uba.ar\/genex\/?page_id=13"},"modified":"2022-08-11T18:02:34","modified_gmt":"2022-08-11T18:02:34","slug":"documentos","status":"publish","type":"page","link":"https:\/\/exactas.uba.ar\/genex\/documentos\/","title":{"rendered":"Marco Normativo"},"content":{"rendered":"<h1>Nivel internacional<\/h1>\n<div class=\"su-list su-list-style-\">\n<ul>\n<li><a href=\"https:\/\/www.refworld.org\/cgi-bin\/texis\/vtx\/rwmain\/opendocpdf.pdf?reldoc=y&amp;docid=48244e9f2#:~:text=Toda%20persona%20tiene%20derecho%20a,de%20g%C3%A9nero%20real%20o%20percibida.\" target=\"_blank\" rel=\"noopener noreferrer\">Principios sobre la aplicaci\u00f3n de la legislaci\u00f3n internacional de Derechos Humanos en relaci\u00f3n con la orientaci\u00f3n sexual y la identidad de g\u00e9nero (Yogyakarta, 2007)<\/a><\/li>\n<li><a href=\"http:\/\/www.oas.org\/juridico\/spanish\/tratados\/a-61.html\" target=\"_blank\" rel=\"noopener noreferrer\">Convenci\u00f3n Interamericana para prevenir, sancionar y erradicar la violencia contra la mujer: Convenci\u00f3n de Belem do Para<\/a><\/li>\n<li><i class=\"fa fa-external-link\"><\/i><a href=\"http:\/\/www.ohchr.org\/SP\/ProfessionalInterest\/Pages\/OPCEDAW.aspx\" target=\"_blank\" rel=\"noopener noreferrer\">Protocolo Facultativo Cedaw<\/a><\/li>\n<li><i class=\"fa fa-external-link\"><\/i><a href=\"https:\/\/www.ohchr.org\/sp\/professionalinterest\/pages\/cedaw.aspx\" target=\"_blank\" rel=\"noopener noreferrer\">Convenci\u00f3n sobre la eliminaci\u00f3n de todas las formas de discriminaci\u00f3n contra la mujer (Cedaw)<\/a><\/li>\n<li><i class=\"fa fa-external-link\"><\/i><a href=\"https:\/\/www.unfpa.org\/sites\/default\/files\/pub-pdf\/icpd_spa.pdf\" target=\"_blank\" rel=\"noopener noreferrer\">Conferencia sobre la Poblaci\u00f3n y el Desarrollo (El Cairo, 1994)<\/a><\/li>\n<li><a href=\"https:\/\/www.ohchr.org\/sp\/professionalinterest\/pages\/violenceagainstwomen.aspx\" target=\"_blank\" rel=\"noopener noreferrer\">Declaraci\u00f3n sobre la eliminaci\u00f3n de la violencia contra la mujer (1993)<\/a><\/li>\n<\/ul>\n<\/div>\n<h2>Nivel nacional<\/h2>\n<div class=\"su-list su-list-style-\">\n<ul>\n<li><i class=\"fa fa-external-link\"><\/i><a href=\"http:\/\/servicios.infoleg.gob.ar\/infolegInternet\/anexos\/150000-154999\/152155\/norma.htm\" target=\"_blank\" rel=\"noopener noreferrer\">LEY 26.485- Violencia Contra La Mujer \u2013 Prevenci\u00f3n, sanci\u00f3n y erradicaci\u00f3n<\/a><\/li>\n<li><i class=\"fa fa-external-link\"><\/i><a href=\"http:\/\/servicios.infoleg.gob.ar\/infolegInternet\/anexos\/45000-49999\/49613\/norma.htm\" target=\"_blank\" rel=\"noopener noreferrer\">Decreto Nacional 254\/98 | Plan Para La Igualdad De Oportunidades Entre Varones Y Mujeres En El Mundo Laboral<\/a><\/li>\n<li><i class=\"fa fa-external-link\"><\/i><a href=\"http:\/\/servicios.infoleg.gob.ar\/infolegInternet\/anexos\/180000-184999\/184133\/norma.htm\" target=\"_blank\" rel=\"noopener noreferrer\">Decreto 936\/2011 | Protecci\u00f3n Integral A Las Mujeres<\/a><\/li>\n<li><i class=\"fa fa-external-link\"><\/i><a href=\"http:\/\/servicios.infoleg.gob.ar\/infolegInternet\/anexos\/120000-124999\/121222\/norma.htm\" target=\"_blank\" rel=\"noopener noreferrer\">Ley 26.150 \u2013 Programa Nacional de Educaci\u00f3n Sexual Integral<\/a><\/li>\n<li><i class=\"fa fa-external-link\"><\/i><a href=\"http:\/\/servicios.infoleg.gob.ar\/infolegInternet\/anexos\/55000-59999\/57556\/norma.htm\" target=\"_blank\" rel=\"noopener noreferrer\">Ley Nacional 25.087 | Delitos Contra La Integridad Sexual<\/a><\/li>\n<li><i class=\"fa fa-external-link\"><\/i><a href=\"http:\/\/servicios.infoleg.gob.ar\/infolegInternet\/anexos\/95000-99999\/98805\/norma.htm\" target=\"_blank\" rel=\"noopener noreferrer\">Ley de Parto Humanizado<\/a><\/li>\n<li><i class=\"fa fa-external-link\"><\/i><a href=\"http:\/\/www.ms.gba.gov.ar\/sitios\/tocoginecologia\/files\/2014\/09\/Gu%C3%ADa-para-la-atenci%C3%B3n-integral-de-mujeres-que-cursan-un-aborto.pdf\" target=\"_blank\" rel=\"noopener noreferrer\">Gu\u00eda de atenci\u00f3n Post-aborto<\/a><\/li>\n<li><i class=\"fa fa-external-link\"><\/i><a href=\"https:\/\/argentina.unfpa.org\/es\/publicaciones\/gu%C3%AD-t%C3%A9cnica-para-la-atenci%C3%B3n-integral-de-los-abortos-no-punibles\" target=\"_blank\" rel=\"noopener noreferrer\">Gu\u00eda t\u00e9cnica de atenci\u00f3n abortos no punibles<\/a><\/li>\n<li><i class=\"fa fa-external-link\"><\/i><a href=\"http:\/\/seccb.exactas.uba.ar\/GenEx\/Legislacion\/Fallo_judicial_Aborto_No_Punible.pdf\" target=\"_blank\" rel=\"noopener noreferrer\">Fallo judicial sobre aborto no punible<\/a><\/li>\n<li><i class=\"fa fa-external-link\"><\/i><a href=\"http:\/\/servicios.infoleg.gob.ar\/infolegInternet\/anexos\/0-4999\/411\/norma.htm\" target=\"_blank\" rel=\"noopener noreferrer\">Ley Nacional 24.012 | Cupo Femenino<\/a><\/li>\n<li><i class=\"fa fa-external-link\"><\/i><a href=\"http:\/\/servicios.infoleg.gob.ar\/infolegInternet\/anexos\/60000-64999\/63777\/norma.htm\" target=\"_blank\" rel=\"noopener noreferrer\">Ley Nacional 25.273 | Creaci\u00f3n De Un Sistema De Inasistencias Justificadas Por Razones De Gravidez<\/a>\u00a0(PDF)<\/li>\n<li><i class=\"fa fa-external-link\"><\/i><a href=\"http:\/\/servicios.infoleg.gob.ar\/infolegInternet\/anexos\/70000-74999\/74073\/norma.htm#:~:text=ARTICULO%201%C2%BA%20%E2%80%94%20Queda%20prohibido%20en,anterior%20que%20produzca%20efecto%20de\" target=\"_blank\" rel=\"noopener noreferrer\">Ley Nacional 25.584 | Prohibici\u00f3n En Establecimientos de Educaci\u00f3n P\u00fablica De Acciones Que Impidan El Inicio o Continuidad del ciclo escolar a alumnas embarazadas<\/a><\/li>\n<li><i class=\"fa fa-external-link\"><\/i><a href=\"http:\/\/servicios.infoleg.gob.ar\/infolegInternet\/anexos\/165000-169999\/169608\/norma.htm\" target=\"_blank\" rel=\"noopener noreferrer\">Ley 26.618 | Matrimonio Igualitario<\/a><\/li>\n<li><i class=\"fa fa-external-link\"><\/i><a href=\"http:\/\/servicios.infoleg.gob.ar\/infolegInternet\/anexos\/195000-199999\/197860\/norma.htm\" target=\"_blank\" rel=\"noopener noreferrer\">Ley 26.743 | Ley De Identidad De G\u00e9nero<\/a><\/li>\n<li><a href=\"http:\/\/servicios.infoleg.gob.ar\/infolegInternet\/anexos\/300000-304999\/304794\/norma.htm\" target=\"_blank\" rel=\"noopener noreferrer\">Ley 27.412 | Ley de paridad de g\u00e9nero en \u00e1mbitos de representaci\u00f3n pol\u00edtica<\/a><\/li>\n<li><a href=\"http:\/\/servicios.infoleg.gob.ar\/infolegInternet\/anexos\/315000-319999\/318666\/norma.htm\" target=\"_blank\" rel=\"noopener noreferrer\">Ley 27.499 | Ley Micaela de capacitaci\u00f3n obligatoria en g\u00e9nero para todas las personas que integran los tres poderes del Estado<\/a><\/li>\n<\/ul>\n<\/div>\n<h2>Nivel local (Ciudad Aut\u00f3noma de Buenos Aires)<\/h2>\n<div class=\"su-list su-list-style-\">\n<ul>\n<li><i class=\"fa fa-external-link\"><\/i><a href=\"https:\/\/cdh.defensoria.org.ar\/normativa\/ley-1688-ley-de-prevencion-de-la-violencia-familiar-y-domestica-2\/\" target=\"_blank\" rel=\"noopener noreferrer\">Ley 1688 Violencia Familiar Ciudad de Buenos Aires<\/a><\/li>\n<li><i class=\"fa fa-external-link\"><\/i><a href=\"http:\/\/www2.cedom.gob.ar\/es\/legislacion\/normas\/leyes\/ley5228.html\" target=\"_blank\" rel=\"noopener noreferrer\">Ley 5228 \u2013 Violencia G\u00e9nero L\u00ednea Mujer \u2013 CABA<\/a><\/li>\n<li><i class=\"fa fa-external-link\"><\/i><a href=\"http:\/\/www2.cedom.gob.ar\/es\/legislacion\/normas\/leyes\/ley5742.html\" target=\"_blank\" rel=\"noopener noreferrer\">Ley 5742 \u2013\u00a0 Acoso Sexual<\/a><\/li>\n<li><i class=\"fa fa-external-link\"><\/i><a href=\"http:\/\/www2.cedom.gov.ar\/es\/legislacion\/normas\/leyes\/ley2957.html\" target=\"_blank\" rel=\"noopener noreferrer\">Ley 2957 Pol\u00edtica de derechos y diversidad sexual<\/a><\/li>\n<\/ul>\n<\/div>\n<h2>Nivel universitario<\/h2>\n<h3>Consejo Interuniversitario Nacional (CIN)<\/h3>\n<ul>\n<li><a href=\"https:\/\/drive.google.com\/file\/d\/1XaXdxfmoch3lKoi5ULZ0Vyj4F034UhGE\/view?usp=sharing\" target=\"_blank\" rel=\"noopener noreferrer\">Acuerdo plenario 1076\/19 del Consejo Interuniversitario Nacional de adhesi\u00f3n a la \u201cLey Micaela\u201d de capacitaci\u00f3n obligatoria en g\u00e9nero para todas las personas que integran los tres poderes del Estado.<\/a><\/li>\n<\/ul>\n<h3>Universidad de Buenos Aires (UBA)<\/h3>\n<ul>\n<li>Primera versi\u00f3n del Protocolo &#8211;&gt; <a href=\"http:\/\/seccb.exactas.uba.ar\/GenEx\/ProtocoloViolenciaG%C3%A9nero_UBA_CS4043_15.pdf\">Res. CS 4043\/15\u00a0<\/a><\/li>\n<li>Versi\u00f3n actualizada del Protocolo &#8211;&gt; <a href=\"http:\/\/seccb.exactas.uba.ar\/GenEx\/ProtocoloViolenciaG%C3%A9nero_UBA_CS1918_19.pdf\" target=\"_blank\" rel=\"noopener noreferrer\">Res. CS 1918\/19<\/a><\/li>\n<\/ul>\n<h3>\u00a0Facultad de Ciencias Exactas y Naturales<\/h3>\n<div class=\"su-list su-list-style-\">\n<ul>\n<li><i class=\"fa fa-external-link\"><\/i><a href=\"https:\/\/exactas.uba.ar\/genex\/wp-content\/uploads\/2021\/05\/cd-1697-16.pdf\" target=\"_blank\" rel=\"noopener\">Programa por la Igualdad de G\u00e9nero de la Exactas (PDF)<\/a><\/li>\n<li><a href=\"https:\/\/exactas.uba.ar\/genex\/wp-content\/uploads\/2021\/05\/Actividades-de-sensibilizacion-obligatorias-CD-18-3330.pdf\" target=\"_blank\" rel=\"noopener\">Actividades de sensibilizaci\u00f3n obligatorias Res (CD) N\u00b0 3330\/18<\/a><\/li>\n<\/ul>\n<\/div>\n<p>&nbsp;<\/p>\n<h4>Consultas y denuncias a <a href=\"mailto:genex@de.fcen.uba.ar\">genex@de.fcen.uba.ar<\/a><\/h4>\n<hr \/>\n<div class=\"su-list su-list-style-\">\n<p>&nbsp;<\/p>\n<\/div>\n","protected":false},"excerpt":{"rendered":"Nivel internacional Principios sobre la aplicaci\u00f3n de la legislaci\u00f3n internacional de Derechos Humanos en relaci\u00f3n con la orientaci\u00f3n sexual y la identidad de g\u00e9nero (Yogyakarta, 2007) Convenci\u00f3n Interamericana para prevenir, sancionar y erradicar la violencia contra la mujer: Convenci\u00f3n de Belem do Para Protocolo Facultativo Cedaw Convenci\u00f3n sobre la eliminaci\u00f3n de todas las formas de&#8230; <a class=\"view-article\" href=\"https:\/\/exactas.uba.ar\/genex\/documentos\/\">LEER +<\/a>","protected":false},"author":1,"featured_media":0,"parent":0,"menu_order":0,"comment_status":"closed","ping_status":"closed","template":"","meta":{"_acf_changed":false,"footnotes":""},"class_list":["post-13","page","type-page","status-publish","hentry"],"acf":[],"_links":{"self":[{"href":"https:\/\/exactas.uba.ar\/genex\/wp-json\/wp\/v2\/pages\/13","targetHints":{"allow":["GET"]}}],"collection":[{"href":"https:\/\/exactas.uba.ar\/genex\/wp-json\/wp\/v2\/pages"}],"about":[{"href":"https:\/\/exactas.uba.ar\/genex\/wp-json\/wp\/v2\/types\/page"}],"author":[{"embeddable":true,"href":"https:\/\/exactas.uba.ar\/genex\/wp-json\/wp\/v2\/users\/1"}],"replies":[{"embeddable":true,"href":"https:\/\/exactas.uba.ar\/genex\/wp-json\/wp\/v2\/comments?post=13"}],"version-history":[{"count":21,"href":"https:\/\/exactas.uba.ar\/genex\/wp-json\/wp\/v2\/pages\/13\/revisions"}],"predecessor-version":[{"id":883,"href":"https:\/\/exactas.uba.ar\/genex\/wp-json\/wp\/v2\/pages\/13\/revisions\/883"}],"wp:attachment":[{"href":"https:\/\/exactas.uba.ar\/genex\/wp-json\/wp\/v2\/media?parent=13"}],"curies":[{"name":"wp","href":"https:\/\/api.w.org\/{rel}","templated":true}]}}