{"id":72,"date":"2020-10-15T15:11:35","date_gmt":"2020-10-15T15:11:35","guid":{"rendered":"https:\/\/exactas.uba.ar\/exactas-energia\/?page_id=72"},"modified":"2020-10-15T15:11:35","modified_gmt":"2020-10-15T15:11:35","slug":"videos","status":"publish","type":"page","link":"https:\/\/exactas.uba.ar\/evento\/exactas-energia\/videos\/","title":{"rendered":"Videos"},"content":{"rendered":"<h2><small style=\"float: right\">4.9.2020<\/small>El futuro de la matriz energ\u00e9tica argentina<\/h2>\n<p><iframe loading=\"lazy\" title=\"Jornadas Exactas y la Energ\u00eda\" width=\"640\" height=\"360\" src=\"https:\/\/www.youtube.com\/embed\/tBn0xu9CUlg?feature=oembed\" frameborder=\"0\" allow=\"accelerometer; autoplay; clipboard-write; encrypted-media; gyroscope; picture-in-picture; web-share\" referrerpolicy=\"strict-origin-when-cross-origin\" allowfullscreen><\/iframe><br \/>\nApertura a cargo del decano, Juan Carlos Reboreda.<br \/>\nModeradores: Luis Baraldo y Mart\u00edn Negri, DQIAQF-INQUIMAE.<\/p>\n<hr \/>\n<h2><small style=\"float: right\">11.9.2020<\/small>Petr\u00f3leo convencional (extracci\u00f3n primaria)<\/h2>\n<p><iframe loading=\"lazy\" title=\"Jornadas Exactas y la Energ\u00eda. Petr\u00f3leo convencional (extracci\u00f3n primaria)\" width=\"640\" height=\"360\" src=\"https:\/\/www.youtube.com\/embed\/6VF3PxqX-dw?feature=oembed\" frameborder=\"0\" allow=\"accelerometer; autoplay; clipboard-write; encrypted-media; gyroscope; picture-in-picture; web-share\" referrerpolicy=\"strict-origin-when-cross-origin\" allowfullscreen><\/iframe><\/p>\n<p>Moderador: Pablo Pazos, IDEAN-DG<br \/>\nParticipan Lic. Muriel Miller (IAPG) Advisor Geologist. Geoscience Consultancy from Frontier Exploration to field Development y Encargada de Asuntos Acad\u00e9micos del IAPG Mg. Mariano Ragazzi Responsable de exploraci\u00f3n offshore de la Cuenca Malvinas de Pluspetrol<br \/>\n<em>Primer Bloque<\/em> El camino de un geocientista: herramientas y desaf\u00edos<br \/>\n<em>Segundo Bloque<\/em> La superficie y el subsuelo: una pareja indisoluble<\/p>\n<hr \/>\n<h2><small style=\"float: right\">18.9.2020<\/small>Petr\u00f3leo convencional (extracci\u00f3n secundaria y terciaria)<\/h2>\n<p><iframe loading=\"lazy\" title=\"Jornadas Exactas y la Energ\u00eda. Petr\u00f3leo convencional (extracci\u00f3n secundaria y terciaria)\" width=\"640\" height=\"360\" src=\"https:\/\/www.youtube.com\/embed\/Ls_-KN3NXcw?feature=oembed\" frameborder=\"0\" allow=\"accelerometer; autoplay; clipboard-write; encrypted-media; gyroscope; picture-in-picture; web-share\" referrerpolicy=\"strict-origin-when-cross-origin\" allowfullscreen><\/iframe><\/p>\n<p>Moderador: Norma D\u00b4Accorso CIHIDECAR-QO<br \/>\nDra. Isabel Vega (YTEC) L\u00edder de Programa de EOR YPF Tecnolog\u00eda Chemical EOR: del laboratorio al campo<\/p>\n<p>Ingeniero Gast\u00f3n Fondevila Sancet. Gerente de Ingenier\u00eda en Capsa-Capex, Instituto Tecnol\u00f3gico de Buenos Aires.<br \/>\nExperiencia de recuperaci\u00f3n mejorada de petr\u00f3leo (EOR) a trav\u00e9s de m\u00e9todos qu\u00edmicos en Argentina<\/p>\n<hr \/>\n<h2><small style=\"float: right\">25.9.2020<\/small>Petr\u00f3leo no convencional<\/h2>\n<p><iframe loading=\"lazy\" title=\"Jornadas Exactas y la Energ\u00eda. Petr\u00f3leo no convencional\" width=\"640\" height=\"360\" src=\"https:\/\/www.youtube.com\/embed\/yN1vQGhT-yU?feature=oembed\" frameborder=\"0\" allow=\"accelerometer; autoplay; clipboard-write; encrypted-media; gyroscope; picture-in-picture; web-share\" referrerpolicy=\"strict-origin-when-cross-origin\" allowfullscreen><\/iframe><\/p>\n<p>Moderador: Luis Stinco DG Ing. Diana Mar\u00eda Masiero (Y-TEC)<br \/>\nM\u00e9todos de recuperaci\u00f3n mejorada de petr\u00f3leo (EOR) en Reservorios No Convencionales Licencianda Micaela Baez (FCEyN-UBA)<br \/>\nAplicaci\u00f3n de machine learning en reservorios no convencionales<\/p>\n<hr \/>\n<h2><small style=\"float: right\">2.10.2020<\/small>Energ\u00eda E\u00f3lica<\/h2>\n<p><iframe loading=\"lazy\" title=\"Jornadas Exactas y la Energ\u00eda. Energ\u00eda E\u00f3lica\" width=\"640\" height=\"360\" src=\"https:\/\/www.youtube.com\/embed\/XgCXiiAWSfs?feature=oembed\" frameborder=\"0\" allow=\"accelerometer; autoplay; clipboard-write; encrypted-media; gyroscope; picture-in-picture; web-share\" referrerpolicy=\"strict-origin-when-cross-origin\" allowfullscreen><\/iframe><\/p>\n<p>Dr Juan Ruiz, Centro de Investigaciones del Mar y la Atm\u00f3sfera, Depto de Cs, de la Atm\u00f3sfera y los Oce\u00e1nos. FCEN UBA. CONICET<br \/>\nMetodolog\u00edas para la mejora del pronostico del viento a corto plazo y para la evaluaci\u00f3n del recurso e\u00f3lico en Argentina<\/p>\n<p>Dr. Alejandro Otero, Centro de Simulaci\u00f3n Computacional Para Aplicaciones Tecnol\u00f3gicas (CSC) Conicet, Facultad de Ingenier\u00eda UBA<br \/>\nEstudio y Evaluaci\u00f3n de Variables Meteorol\u00f3gicas asociadas a las Energ\u00edas Renovables: E\u00f3lica y Fotovoltaica<\/p>\n<hr \/>\n<h2><small style=\"float: right\">9.10.2020<\/small>Energ\u00eda Solar<\/h2>\n<p><iframe loading=\"lazy\" title=\"Jornadas Exactas y la Energ\u00eda. Energ\u00eda Solar\" width=\"640\" height=\"360\" src=\"https:\/\/www.youtube.com\/embed\/W0BxVkRCDf4?feature=oembed\" frameborder=\"0\" allow=\"accelerometer; autoplay; clipboard-write; encrypted-media; gyroscope; picture-in-picture; web-share\" referrerpolicy=\"strict-origin-when-cross-origin\" allowfullscreen><\/iframe><\/p>\n<p>Moderador: Luis Baraldo DQIAQF-INQUIMAE Julio C. Dur\u00e1n, CNEA\/UNSAM<br \/>\nEnerg\u00eda solar fotovoltaica: generaci\u00f3n el\u00e9ctrica distribuida<br \/>\nAlejandro Cadranel, DQIAQF\/INQUIMAE<br \/>\nConversi\u00f3n de luz en combustibles<\/p>\n<p>&#8212;-<\/p>\n<hr \/>\n<h2><small style=\"float: right\">16.10.2020<\/small>Jornadas Exactas y la Energ\u00eda. Energ\u00eda Geot\u00e9rmica<\/h2>\n<p><iframe loading=\"lazy\" title=\"Jornadas Exactas y la Energ\u00eda. Energ\u00eda Geot\u00e9rmica\" width=\"640\" height=\"360\" src=\"https:\/\/www.youtube.com\/embed\/in6rm3cfYZk?feature=oembed\" frameborder=\"0\" allow=\"accelerometer; autoplay; clipboard-write; encrypted-media; gyroscope; picture-in-picture; web-share\" referrerpolicy=\"strict-origin-when-cross-origin\" allowfullscreen><\/iframe><\/p>\n<p>Moderador: Luis Stinco DG<br \/>\nDra. Silvia Barredo (FI-UBA, ITBA)<br \/>\nAplicaciones de la geotermia en pozos petroleros<br \/>\nDr. Hern\u00e1n Barcelona (FCEyN-UBA)<br \/>\nGeotermia en Argentina: volcanes, vapor y energ\u00eda el\u00e9ctrica<\/p>\n<hr \/>\n<h2><small style=\"float: right\">23.10.2020<\/small>Jornadas Exactas y la Energ\u00eda. Biomasa \/ energ\u00eda mareomotriz<\/h2>\n<p><iframe loading=\"lazy\" title=\"Jornadas Exactas y la Energ\u00eda. Biomasa \/ energ\u00eda mareomotriz\" width=\"640\" height=\"360\" src=\"https:\/\/www.youtube.com\/embed\/bjuSsCNewTI?feature=oembed\" frameborder=\"0\" allow=\"accelerometer; autoplay; clipboard-write; encrypted-media; gyroscope; picture-in-picture; web-share\" referrerpolicy=\"strict-origin-when-cross-origin\" allowfullscreen><\/iframe><\/p>\n<p>Moderadora: Adriana Kolender CIHIDECAR-QO<br \/>\nDra. Roc\u00edo D\u00edaz Pe\u00f1a, IQUIBICEN, FCEN, UBA.<br \/>\nBacterias que transforman biomasa en combustible<\/p>\n<p>Ing. Mag. Mariano RE, Instituto Nacional del Agua (INA)<br \/>\nEvaluaci\u00f3n del potencial energ\u00e9tico hidrocin\u00e9tico en cinco estuarios patag\u00f3nicos<\/p>\n<p>Pablo R. Bonelli PINMATE \u2013 ITAPROQ \u2013 Departamento de Industrias<\/p>\n<hr \/>\n<h2><small style=\"float: right\">30.10.2020<\/small>Jornadas Exactas y la Energ\u00eda. Almacenamiento de energ\u00eda<\/h2>\n<p><iframe loading=\"lazy\" title=\"Jornadas Exactas y la Energ\u00eda. Almacenamiento de energ\u00eda\" width=\"640\" height=\"360\" src=\"https:\/\/www.youtube.com\/embed\/CcQNXep2xe4?feature=oembed\" frameborder=\"0\" allow=\"accelerometer; autoplay; clipboard-write; encrypted-media; gyroscope; picture-in-picture; web-share\" referrerpolicy=\"strict-origin-when-cross-origin\" allowfullscreen><\/iframe><\/p>\n<p>Moderadores: Ezequiel de la Llave DQIAQF-INQUIMAE, Carlos Acha, IFIBA-DF<\/p>\n<p>Dra. Adriana Serquis, Centro At\u00f3mico Bariloche, CNEA<br \/>\nPilas de Combustible y Electrolizadores de Alta Temperatura: Potenciales y Desaf\u00edos en Argentina<\/p>\n<p>Dr. Horacio Corti, DQIAQF-INQUIMAE \/ CAC-CNEA<br \/>\nEl rol de la nanociencia en el almacenamiento de energ\u00eda: algunos ejemplos<\/p>\n<p>Prof. Ernesto Julio Calvo, FRSC Molecular Electrochemistry Laboratory INQUIMAE<br \/>\nLitio y almacenamiento de energ\u00edas renovables intermitentes: Fuentes del recurso y bater\u00edas de litio.<\/p>\n<hr \/>\n<h2><small style=\"float: right\">6.11.2020<\/small>Jornadas Exactas y la Energ\u00eda. Energ\u00eda Nuclear<\/h2>\n<p><iframe loading=\"lazy\" title=\"Jornadas Exactas y la Energ\u00eda. Energ\u00eda Nuclear\" width=\"640\" height=\"360\" src=\"https:\/\/www.youtube.com\/embed\/mDXrwc4fIgQ?feature=oembed\" frameborder=\"0\" allow=\"accelerometer; autoplay; clipboard-write; encrypted-media; gyroscope; picture-in-picture; web-share\" referrerpolicy=\"strict-origin-when-cross-origin\" allowfullscreen><\/iframe><\/p>\n<p>Moderador: Alejandro Leci\u00f1ana, CONUAR, DQIAQF<\/p>\n<p>Lic. Marina Di Giorgio, Vicepresidenta segunda del Directorio de la Autoridad Regulatoria Nuclear La biolog\u00eda como fundamento de las regulaciones internacionales de la energ\u00eda nuclear<\/p>\n<p>Ingeniero Agust\u00edn Arbor Gonz\u00e1lez, Presidente del Directorio de la Autoridad Regulatoria Nuclear Investigaci\u00f3n, tecnolog\u00eda e industria: el liderazgo argentino en energ\u00eda nuclear<\/p>\n<p>Ingeniero Juan Pablo Ordo\u00f1ez, Subsecretario de Planeamiento Energ\u00e9tico. Secretar\u00eda de Energ\u00eda de la Naci\u00f3n<\/p>\n<p>Energ\u00eda nuclear: un componente necesario de la matriz energ\u00e9tica argentina<\/p>\n<hr \/>\n<h2><small style=\"float: right\">13.11.2020<\/small>Jornadas Exactas y la Energ\u00eda. Energ\u00eda y ambiente<\/h2>\n<p><iframe loading=\"lazy\" title=\"Jornadas Exactas y la Energ\u00eda. Energ\u00eda y ambiente\" width=\"640\" height=\"360\" src=\"https:\/\/www.youtube.com\/embed\/bffmYZIfGIA?feature=oembed\" frameborder=\"0\" allow=\"accelerometer; autoplay; clipboard-write; encrypted-media; gyroscope; picture-in-picture; web-share\" referrerpolicy=\"strict-origin-when-cross-origin\" allowfullscreen><\/iframe><\/p>\n<p>Moderadoras: In\u00e9s Camilloni, Bibiana Cerne, DCAO-CIMA<\/p>\n<p>Marcelo Sticco (Depto. Geolog\u00eda)<br \/>\nPol\u00edticas p\u00fablicas de la gesti\u00f3n del agua en Vaca muerta<\/p>\n<p>In\u00e9s O\u00b4Farrel (EGE)<br \/>\n\u00bfEl futuro de los embalses est\u00e1 te\u00f1ido de azul Cyanobacteria?<\/p>\n<hr \/>\n<h2><small style=\"float: right\">20.11.2020<\/small>Jornadas Exactas y la Energ\u00eda. Energ\u00eda y ambiente \/ Cierre<\/h2>\n<p><iframe loading=\"lazy\" title=\"Jornadas Exactas y la Energ\u00eda. Energ\u00eda y ambiente \/ Cierre\" width=\"640\" height=\"360\" src=\"https:\/\/www.youtube.com\/embed\/t_BMhYPyX6o?feature=oembed\" frameborder=\"0\" allow=\"accelerometer; autoplay; clipboard-write; encrypted-media; gyroscope; picture-in-picture; web-share\" referrerpolicy=\"strict-origin-when-cross-origin\" allowfullscreen><\/iframe><\/p>\n<p>Moderadoras: In\u00e9s Camilloni, Bibiana Cerne, DCAO-CIMA<br \/>\nGabriel Blanco (UNICEN, IPCC)<br \/>\nEscenarios energ\u00e9ticos para Argentina bajos en carbono y sostenibles<\/p>\n<p>Carolina Vera (MINCYT; FCEN; IPCC)<br \/>\nOpciones para reducir el impacto de las emisiones del sector energ\u00e9tico en el Calentamiento Global<\/p>\n","protected":false},"excerpt":{"rendered":"<p>4.9.2020El futuro de la matriz energ\u00e9tica argentina Apertura a cargo del decano, Juan Carlos Reboreda. Moderadores: Luis Baraldo y Mart\u00edn Negri, DQIAQF-INQUIMAE. 11.9.2020Petr\u00f3leo convencional (extracci\u00f3n primaria) Moderador: Pablo Pazos, IDEAN-DG Participan Lic. Muriel Miller (IAPG) Advisor Geologist. Geoscience Consultancy from &hellip; <a href=\"https:\/\/exactas.uba.ar\/evento\/exactas-energia\/videos\/\">Continue reading <span class=\"meta-nav\">&rarr;<\/span><\/a><\/p>\n","protected":false},"author":1,"featured_media":0,"parent":0,"menu_order":0,"comment_status":"closed","ping_status":"closed","template":"","meta":{"footnotes":""},"class_list":["post-72","page","type-page","status-publish","hentry"],"_links":{"self":[{"href":"https:\/\/exactas.uba.ar\/evento\/exactas-energia\/wp-json\/wp\/v2\/pages\/72","targetHints":{"allow":["GET"]}}],"collection":[{"href":"https:\/\/exactas.uba.ar\/evento\/exactas-energia\/wp-json\/wp\/v2\/pages"}],"about":[{"href":"https:\/\/exactas.uba.ar\/evento\/exactas-energia\/wp-json\/wp\/v2\/types\/page"}],"author":[{"embeddable":true,"href":"https:\/\/exactas.uba.ar\/evento\/exactas-energia\/wp-json\/wp\/v2\/users\/1"}],"replies":[{"embeddable":true,"href":"https:\/\/exactas.uba.ar\/evento\/exactas-energia\/wp-json\/wp\/v2\/comments?post=72"}],"version-history":[{"count":0,"href":"https:\/\/exactas.uba.ar\/evento\/exactas-energia\/wp-json\/wp\/v2\/pages\/72\/revisions"}],"wp:attachment":[{"href":"https:\/\/exactas.uba.ar\/evento\/exactas-energia\/wp-json\/wp\/v2\/media?parent=72"}],"curies":[{"name":"wp","href":"https:\/\/api.w.org\/{rel}","templated":true}]}}