{"id":18,"date":"2020-08-25T18:16:28","date_gmt":"2020-08-25T18:16:28","guid":{"rendered":"https:\/\/exactas.uba.ar\/exactas-energia\/?page_id=18"},"modified":"2020-08-25T18:16:28","modified_gmt":"2020-08-25T18:16:28","slug":"programa","status":"publish","type":"page","link":"https:\/\/exactas.uba.ar\/evento\/exactas-energia\/programa\/","title":{"rendered":"Programa"},"content":{"rendered":"<h3>Viernes 4 Septiembre<\/h3>\n<h2>Apertura<\/h2>\n<p><span style=\"font-weight: 400\">Moderadores: <strong>Luis Baraldo<\/strong> y <strong>Mart\u00edn Negri<\/strong>, DQIAQF-INQUIMAE<\/span><\/p>\n<p><span style=\"font-weight: 400\">Apertura a cargo del decano, <strong>Juan Carlos Reboreda<\/strong><\/span><\/p>\n<p><span style=\"font-weight: 400\"><strong>Diego Hurtado de Mendoza<\/strong>,\u00a0 Secretaria de Planeamiento y Pol\u00edticas en Ciencia, Tecnolog\u00eda e Innovaci\u00f3n, MINCYT<br \/>\n<\/span><em><span style=\"font-weight: 400\">Iniciativas de I+D para una pol\u00edtica de transici\u00f3n energ\u00e9tica<\/span><\/em><\/p>\n<p><span style=\"font-weight: 400\"><strong>Salvador Gil<\/strong>, Escuela de Ciencia y Tecnolog\u00eda, UNSAM<br \/>\n<\/span><em><span style=\"font-weight: 400\">Provisi\u00f3n sustentable de servicios energ\u00e9ticos<\/span><\/em><\/p>\n<p><span style=\"font-weight: 400\">\u00a0<\/span><\/p>\n<h3>Viernes 11 Septiembre<\/h3>\n<h2>Petr\u00f3leo convencional (extracci\u00f3n primaria)<\/h2>\n<p><span style=\"font-weight: 400\">Moderador: <strong>Pablo Pazos<\/strong>, IDEAN-DG<\/span><\/p>\n<p><span style=\"font-weight: 400\"><strong>Lic. Muriel Miller<\/strong> (IAPG) Advisor Geologist. Geoscience Consultancy <\/span><span style=\"font-weight: 400\">from Frontier Exploration to field Development y Encargada de Asuntos\u00a0<\/span><span style=\"font-weight: 400\">Acad\u00e9micos del IAPG\u00a0<\/span><\/p>\n<p><span style=\"font-weight: 400\"><strong>Mg. Mariano Ragazzi<\/strong> Responsable de exploraci\u00f3n offshore de la Cuenca\u00a0<\/span><span style=\"font-weight: 400\">Malvinas de Pluspetrol\u00a0<\/span><\/p>\n<h4><span style=\"font-weight: 400\">Primer Bloque<\/span><\/h4>\n<p><span style=\"font-weight: 400\">El camino de un geocientista: herramientas y desaf\u00edos<\/span><\/p>\n<h4><span style=\"font-weight: 400\">Segundo Bloque<\/span><\/h4>\n<p><span style=\"font-weight: 400\">La superficie y el subsuelo: una pareja indisoluble<\/span><\/p>\n<p><span style=\"font-weight: 400\">\u00a0<\/span><span style=\"font-weight: 400\">\u00a0<\/span><\/p>\n<h3>Viernes 18 Septiembre<\/h3>\n<h2>Petr\u00f3leo convencional (extracci\u00f3n secundaria y terciaria)<\/h2>\n<p><span style=\"font-weight: 400\">Moderador: <strong>Norma D\u00b4Accorso<\/strong> CIHIDECAR-QO<\/span><\/p>\n<p><span style=\"font-weight: 400\"><strong>Dra. Isabel Vega<\/strong> (YTEC) L\u00edder de Programa de EOR <\/span><span style=\"font-weight: 400\">YPF Tecnolog\u00eda<br \/>\n<\/span><span style=\"font-weight: 400\"><em>Chemical EOR: del laboratorio al campo<\/em><\/span><\/p>\n<p><span style=\"font-weight: 400\"><strong>Ingeniero Gast\u00f3n Fondevila Sancet<\/strong>. Gerente de\u00a0<\/span><span style=\"font-weight: 400\">Ingenier\u00eda en Capsa-Capex, Instituto Tecnol\u00f3gico de Buenos <\/span><span style=\"font-weight: 400\">Aires.<\/span><span style=\"font-weight: 400\"><br \/>\n<\/span><span style=\"font-weight: 400\"><em>Experiencia de \u00a0recuperaci\u00f3n mejorada de petr\u00f3leo (EOR) a trav\u00e9s de m\u00e9todos qu\u00edmicos en Argentina<\/em><\/span><\/p>\n<p>&nbsp;<\/p>\n<h3>Viernes 25 Septiembre<\/h3>\n<h2>Petr\u00f3leo no convencional<\/h2>\n<p><span style=\"font-weight: 400\">Moderador: <strong>Luis Stinco<\/strong> DG<\/span><\/p>\n<p><span style=\"font-weight: 400\"><strong>Ing. Diana Mar\u00eda Masiero<\/strong> (Y-TEC)<br \/>\n<\/span><em><span style=\"font-weight: 400\">M\u00e9todos de recuperaci\u00f3n mejorada de petr\u00f3leo (EOR) en Reservorios No Convencionales<\/span><\/em><\/p>\n<p><span style=\"font-weight: 400\"><strong>Licencianda Micaela Baez<\/strong> (FCEyN-UBA)<br \/>\n<\/span><em><span style=\"font-weight: 400\">Aplicaci\u00f3n de machine learning en reservorios no convencionales<\/span><\/em><\/p>\n<p>&nbsp;<\/p>\n<h3>Viernes 2 Octubre<\/h3>\n<h2>Energ\u00eda E\u00f3lica<\/h2>\n<p><span style=\"font-weight: 400\">Moderadora: <strong>Bibiana Cerne<\/strong> CIMA-DCAO<\/span><\/p>\n<p><span style=\"font-weight: 400\"><strong>Dr Juan Ruiz<\/strong>, Centro de Investigaciones del Mar y la Atm\u00f3sfera, Depto de Cs, de la Atm\u00f3sfera y los Oce\u00e1nos. FCEN UBA. CONICET<br \/>\n<\/span><em><span style=\"font-weight: 400\">Metodolog\u00edas para la mejora del pronostico del viento a corto plazo y <\/span><span style=\"font-weight: 400\">para la evaluaci\u00f3n del recurso e\u00f3lico en Argentina<\/span><\/em><\/p>\n<p><span style=\"font-weight: 400\"><strong>Dr. Alejandro Otero<\/strong>, <\/span><span style=\"font-weight: 400\">Centro de\u00a0 Simulaci\u00f3n Computacional Para Aplicaciones Tecnol\u00f3gicas (CSC)\u00a0 Conicet,\u00a0 Facultad de Ingenier\u00eda UBA<br \/>\n<\/span><em><span style=\"font-weight: 400\">Estudio y Evaluaci\u00f3n de Variables Meteorol\u00f3gicas asociadas a las <\/span><span style=\"font-weight: 400\">Energ\u00edas Renovables: E\u00f3lica y Fotovoltaica<br \/>\n<\/span><\/em><span style=\"font-weight: 400\">Utilizaci\u00f3n de herramientas de modelado num\u00e9rico del tiempo para:<br \/>\n<\/span><span style=\"font-weight: 400\">&#8211; evaluaci\u00f3n de recurso solar y e\u00f3lico.<br \/>\n<\/span><span style=\"font-weight: 400\">&#8211; simulaci\u00f3n y pron\u00f3stico de la generaci\u00f3n renovable.<\/span><\/p>\n<p>&nbsp;<\/p>\n<h3>Viernes 9 Octubre<\/h3>\n<h2>Energ\u00eda Solar<b><\/b><\/h2>\n<p><span style=\"font-weight: 400\">Moderador: <strong>Luis Baraldo<\/strong> DQIAQF-INQUIMAE<\/span><\/p>\n<p><span style=\"font-weight: 400\"><strong>\u00a0Julio C. Dur\u00e1n<\/strong>, CNEA\/UNSAM<br \/>\n<\/span><em><span style=\"font-weight: 400\">Energ\u00eda solar fotovoltaica: generaci\u00f3n el\u00e9ctrica distribuida<\/span><\/em><\/p>\n<p><span style=\"font-weight: 400\"><strong>Alejandro Cadranel<\/strong>, DQIAQF\/INQUIMAE<br \/>\n<\/span><em><span style=\"font-weight: 400\">Conversi\u00f3n de luz en combustibles<\/span><\/em><\/p>\n<p>&nbsp;<\/p>\n<h3>Viernes 16 Octubre<\/h3>\n<h2>Energ\u00eda Geot\u00e9rmica<b><\/b><\/h2>\n<p><span style=\"font-weight: 400\">Moderador:\u00a0 <strong>Luis Stinco<\/strong> DG<\/span><\/p>\n<p><span style=\"font-weight: 400\"><strong>Dra. Silvia Barredo<\/strong> (FI-UBA, ITBA)<br \/>\n<\/span><em><span style=\"font-weight: 400\">Aplicaciones de la geotermia en pozos petroleros<\/span><\/em><\/p>\n<p><span style=\"font-weight: 400\"><strong>Dr. Hern\u00e1n Barcelona<\/strong> (FCEyN-UBA)<br \/>\n<\/span><em><span style=\"font-weight: 400\">Geotermia en Argentina: volcanes, vapor y energ\u00eda el\u00e9ctrica<\/span><\/em><\/p>\n<p>&nbsp;<\/p>\n<h3>Viernes 23 Octubre<\/h3>\n<h2>Biomasa \/ energ\u00eda mareomotriz<\/h2>\n<p>Moderadora: <strong>Adriana Kolender<\/strong> CIHIDECAR-QO<\/p>\n<p><span style=\"font-weight: 400\"><strong>Dra. Roc\u00edo D\u00edaz Pe\u00f1a<\/strong>, IQUIBICEN, FCEN, UBA.<br \/>\n<\/span><em><span style=\"font-weight: 400\">Bacterias que transforman biomasa en combustible<\/span><\/em><\/p>\n<p><span style=\"font-weight: 400\"><strong>Ing. Mag. Mariano<\/strong> RE, Instituto Nacional del Agua (INA)<br \/>\n<\/span><em><span style=\"font-weight: 400\">Evaluaci\u00f3n del potencial energ\u00e9tico hidrocin\u00e9tico en cinco estuarios patag\u00f3nicos<\/span><\/em><\/p>\n<p><strong>Pablo R. Bonelli<\/strong>\u00a0 PINMATE \u2013 ITAPROQ \u2013 Departamento de Industrias<\/p>\n<p>Estrategias de mejoramiento para la conversi\u00f3n de biomasa en biocombustibles<\/p>\n<h3>Viernes 30 Octubre<\/h3>\n<h2>Almacenamiento de energ\u00eda<b><\/b><\/h2>\n<p><span style=\"font-weight: 400\">Moderadores: <strong>Ezequiel de la Llave<\/strong> DQIAQF-INQUIMAE, <strong>Carlos Acha<\/strong>, IFIBA-DF<\/span><\/p>\n<p><span style=\"font-weight: 400\"><strong>Dra. Adriana Serquis<\/strong>, Centro At\u00f3mico Bariloche, CNEA<br \/>\n<\/span><em><span style=\"font-weight: 400\">Pilas de Combustible y Electrolizadores de Alta Temperatura: Potenciales y Desaf\u00edos en Argentina<\/span><\/em><\/p>\n<p><span style=\"font-weight: 400\"><strong>Dr. Horacio Corti<\/strong>, DQIAQF-INQUIMAE \/ CAC-CNEA<br \/>\n<\/span><em><span style=\"font-weight: 400\">El rol de la nanociencia en el almacenamiento de energ\u00eda: algunos ejemplos<\/span><\/em><\/p>\n<p><strong>Prof. Ernesto Julio Calvo<\/strong>, FRSC Molecular Electrochemistry Laboratory INQUIMAE<\/p>\n<p><em>Litio y almacenamiento de energ\u00edas\u00a0renovables intermitentes: Fuentes del recurso y\u00a0 bater\u00edas\u00a0de litio.<\/em><\/p>\n<div>\n<h4>Describiremos la importancia del metal mas liviano para el almacenamiento de energ\u00eda, las fuentes en los salares de la Puna y la evoluci\u00f3n de las distintas bater\u00edas de ion litio, litio azufre y litio aire para movilidad el\u00e9ctrica, electr\u00f3nica portable y electrificaci\u00f3n remota.<\/h4>\n<h4>Que qu\u00edmica se requiere para extracci\u00f3n sustentable y cual es la qu\u00edmica para cada\u00a0 uso de bater\u00edas. Cuales son las oportunidades para la ciencia en Argentina de la demanda de litio y cuales son las tendencias futuras de las bater\u00edas de litio.<\/h4>\n<h3>Viernes 6 Noviembre<\/h3>\n<\/div>\n<h2>Energ\u00eda Nuclear<b><\/b><\/h2>\n<p>Moderador: <strong>Alejandro Leci\u00f1ana<\/strong>, CONUAR S.A., DQIAQF<\/p>\n<p><strong>Lic. Marina Di Giorgio<\/strong>, Vicepresidenta segunda del Directorio de la Autoridad Regulatoria Nuclear<\/p>\n<p>\u00a8La biolog\u00eda como fundamento de las regulaciones internacionales de la energ\u00eda nuclear\u00a8<\/p>\n<p><strong>Ingeniero Agust\u00edn\u00a0 Arbor Gonz\u00e1lez<\/strong>, Presidente del Directorio de la Autoridad Regulatoria Nuclear<\/p>\n<p>\u00a8Investigaci\u00f3n, tecnolog\u00eda e industria: el liderazgo argentino en energ\u00eda nuclear\u00a8<\/p>\n<p><strong>Ingeniero Juan Pablo Ordo\u00f1ez,<\/strong> INVAP S.A.<\/p>\n<p>\u00a8Energ\u00eda nuclear en la transici\u00f3n energ\u00e9tica argentina\u00a8<\/p>\n<p><strong>Dr. Andr\u00e9s Kreiner<\/strong>, Secretario General de APCNEAN, Investigador Superior CNEA-CONICET<\/p>\n<p>\u00a8El sector nuclear argentino como dinamizador de la Ciencia, la Tecnolog\u00eda, la Producci\u00f3n y el Empleo de Calidad\u00a8<\/p>\n<h3>Viernes 13 Noviembre<\/h3>\n<h2>Energ\u00eda y ambiente\u00a0<b><\/b><\/h2>\n<p><span style=\"font-weight: 400\">Moderadoras: <strong>In\u00e9s Camilloni, Bibiana Cerne,<\/strong> DCAO-CIMA<\/span><\/p>\n<p><span style=\"font-weight: 400\"><strong>Marcelo Sticco<\/strong> (Depto. Geolog\u00eda)<br \/>\n<\/span><em><span style=\"font-weight: 400\">Pol\u00edticas p\u00fablicas de la gesti\u00f3n del agua en Vaca muerta<\/span><\/em><\/p>\n<p><span style=\"font-weight: 400\"><strong>In\u00e9s O\u00b4Farrel<\/strong> (EGE)<\/span><\/p>\n<p><em>\u00bfEl futuro de los embalses est\u00e1 te\u00f1ido de azul Cyanobacteria?<\/em><\/p>\n<h3>Viernes 20 Noviembre<\/h3>\n<h2>Energ\u00eda y ambiente \/ Cierre<\/h2>\n<p>Moderadoras: <strong>In\u00e9s Camilloni, Bibiana Cerne<\/strong>, DCAO-CIMA<\/p>\n<p><span style=\"font-weight: 400\"><strong>Gabriel Blanco<\/strong> (UNICEN, IPCC)<br \/>\n<em>Escenarios energ\u00e9ticos para Argentina bajos en carbono y sostenibles<\/em><\/span><\/p>\n<p><span style=\"font-weight: 400\"><strong>Carolina Vera<\/strong> (MINCYT; FCEN; IPCC)<br \/>\n<em>Opciones para reducir el impacto de las emisiones del sector energ\u00e9tico en el Calentamiento Global<\/em><\/span><\/p>\n","protected":false},"excerpt":{"rendered":"<p>Viernes 4 Septiembre Apertura Moderadores: Luis Baraldo y Mart\u00edn Negri, DQIAQF-INQUIMAE Apertura a cargo del decano, Juan Carlos Reboreda Diego Hurtado de Mendoza,\u00a0 Secretaria de Planeamiento y Pol\u00edticas en Ciencia, Tecnolog\u00eda e Innovaci\u00f3n, MINCYT Iniciativas de I+D para una pol\u00edtica &hellip; <a href=\"https:\/\/exactas.uba.ar\/evento\/exactas-energia\/programa\/\">Continue reading <span class=\"meta-nav\">&rarr;<\/span><\/a><\/p>\n","protected":false},"author":1,"featured_media":0,"parent":0,"menu_order":0,"comment_status":"closed","ping_status":"closed","template":"","meta":{"footnotes":""},"class_list":["post-18","page","type-page","status-publish","hentry"],"_links":{"self":[{"href":"https:\/\/exactas.uba.ar\/evento\/exactas-energia\/wp-json\/wp\/v2\/pages\/18","targetHints":{"allow":["GET"]}}],"collection":[{"href":"https:\/\/exactas.uba.ar\/evento\/exactas-energia\/wp-json\/wp\/v2\/pages"}],"about":[{"href":"https:\/\/exactas.uba.ar\/evento\/exactas-energia\/wp-json\/wp\/v2\/types\/page"}],"author":[{"embeddable":true,"href":"https:\/\/exactas.uba.ar\/evento\/exactas-energia\/wp-json\/wp\/v2\/users\/1"}],"replies":[{"embeddable":true,"href":"https:\/\/exactas.uba.ar\/evento\/exactas-energia\/wp-json\/wp\/v2\/comments?post=18"}],"version-history":[{"count":0,"href":"https:\/\/exactas.uba.ar\/evento\/exactas-energia\/wp-json\/wp\/v2\/pages\/18\/revisions"}],"wp:attachment":[{"href":"https:\/\/exactas.uba.ar\/evento\/exactas-energia\/wp-json\/wp\/v2\/media?parent=18"}],"curies":[{"name":"wp","href":"https:\/\/api.w.org\/{rel}","templated":true}]}}